{"version":"1.0","provider_name":"Thy","provider_url":"https:\/\/kunmedierne.dk\/thy","author_name":"Debat","author_url":"https:\/\/kunmedierne.dk\/thy\/author\/debat\/","title":"L\u00e6serbrev: Vi skylder s\u00e5rbare medborgere mere end undskyldninger - Thy","type":"rich","width":600,"height":338,"html":"<blockquote class=\"wp-embedded-content\" data-secret=\"u63KNtnZeF\"><a href=\"https:\/\/kunmedierne.dk\/thy\/laeserbrev-vi-skylder-saarbare-medborgere-mere-end-undskyldninger\/\"><span>L\u00e6serbrev: <\/span>Vi skylder s\u00e5rbare medborgere mere end undskyldninger<\/a><\/blockquote><iframe sandbox=\"allow-scripts\" security=\"restricted\" src=\"https:\/\/kunmedierne.dk\/thy\/laeserbrev-vi-skylder-saarbare-medborgere-mere-end-undskyldninger\/embed\/#?secret=u63KNtnZeF\" width=\"600\" height=\"338\" title=\"&#8220;&lt;span&gt;L\u00e6serbrev: &lt;\/span&gt;Vi skylder s\u00e5rbare medborgere mere end undskyldninger&#8221; &#8211; Thy\" data-secret=\"u63KNtnZeF\" frameborder=\"0\" marginwidth=\"0\" marginheight=\"0\" scrolling=\"no\" class=\"wp-embedded-content\"><\/iframe><script type=\"text\/javascript\">\n\/* <![CDATA[ *\/\n\/*! This file is auto-generated *\/\n!function(d,l){\"use strict\";l.querySelector&&d.addEventListener&&\"undefined\"!=typeof URL&&(d.wp=d.wp||{},d.wp.receiveEmbedMessage||(d.wp.receiveEmbedMessage=function(e){var t=e.data;if((t||t.secret||t.message||t.value)&&!\/[^a-zA-Z0-9]\/.test(t.secret)){for(var s,r,n,a=l.querySelectorAll('iframe[data-secret=\"'+t.secret+'\"]'),o=l.querySelectorAll('blockquote[data-secret=\"'+t.secret+'\"]'),c=new RegExp(\"^https?:$\",\"i\"),i=0;i<o.length;i++)o[i].style.display=\"none\";for(i=0;i<a.length;i++)s=a[i],e.source===s.contentWindow&&(s.removeAttribute(\"style\"),\"height\"===t.message?(1e3<(r=parseInt(t.value,10))?r=1e3:~~r<200&&(r=200),s.height=r):\"link\"===t.message&&(r=new URL(s.getAttribute(\"src\")),n=new URL(t.value),c.test(n.protocol))&&n.host===r.host&&l.activeElement===s&&(d.top.location.href=t.value))}},d.addEventListener(\"message\",d.wp.receiveEmbedMessage,!1),l.addEventListener(\"DOMContentLoaded\",function(){for(var e,t,s=l.querySelectorAll(\"iframe.wp-embedded-content\"),r=0;r<s.length;r++)(t=(e=s[r]).getAttribute(\"data-secret\"))||(t=Math.random().toString(36).substring(2,12),e.src+=\"#?secret=\"+t,e.setAttribute(\"data-secret\",t)),e.contentWindow.postMessage({message:\"ready\",secret:t},\"*\")},!1)))}(window,document);\n\/\/# sourceURL=https:\/\/kunmedierne.dk\/thy\/wp-includes\/js\/wp-embed.min.js\n\/* ]]> *\/\n<\/script>\n","description":"DEBAT:\u00a0I Thisted Kommune har vi i \u00e5revis h\u00f8rt politikere forsikre, at de svageste borgere st\u00e5r f\u00f8rst i k\u00f8en. At vi tager h\u00e5nd om dem, der ikke selv kan r\u00e5be h\u00f8jt. At vi v\u00e6rner om f\u00e6llesskabet og hj\u00e6lper dem, der har det sv\u00e6rest. Men virkeligheden viser noget andet. Sagen om beboerne p\u00e5 Bjergbo er et tydeligt [&hellip;]"}