{"version":"1.0","provider_name":"Thy","provider_url":"https:\/\/kunmedierne.dk\/thy","author_name":"Lone L\u00e6rke Krog","author_url":"https:\/\/kunmedierne.dk\/thy\/author\/llk\/","title":"Kulturbussen s\u00e6tter fokus p\u00e5 demens i uge 19  - Thy","type":"rich","width":600,"height":338,"html":"<blockquote class=\"wp-embedded-content\" data-secret=\"fFikTS8tjR\"><a href=\"https:\/\/kunmedierne.dk\/thy\/kulturbussen-saetter-fokus-paa-demens-i-uge-19\/\">Kulturbussen s\u00e6tter fokus p\u00e5 demens i uge 19<\/a><\/blockquote><iframe sandbox=\"allow-scripts\" security=\"restricted\" src=\"https:\/\/kunmedierne.dk\/thy\/kulturbussen-saetter-fokus-paa-demens-i-uge-19\/embed\/#?secret=fFikTS8tjR\" width=\"600\" height=\"338\" title=\"&#8220;Kulturbussen s\u00e6tter fokus p\u00e5 demens i uge 19&#8221; &#8211; Thy\" data-secret=\"fFikTS8tjR\" frameborder=\"0\" marginwidth=\"0\" marginheight=\"0\" scrolling=\"no\" class=\"wp-embedded-content\"><\/iframe><script type=\"text\/javascript\">\n\/* <![CDATA[ *\/\n\/*! This file is auto-generated *\/\n!function(d,l){\"use strict\";l.querySelector&&d.addEventListener&&\"undefined\"!=typeof URL&&(d.wp=d.wp||{},d.wp.receiveEmbedMessage||(d.wp.receiveEmbedMessage=function(e){var t=e.data;if((t||t.secret||t.message||t.value)&&!\/[^a-zA-Z0-9]\/.test(t.secret)){for(var s,r,n,a=l.querySelectorAll('iframe[data-secret=\"'+t.secret+'\"]'),o=l.querySelectorAll('blockquote[data-secret=\"'+t.secret+'\"]'),c=new RegExp(\"^https?:$\",\"i\"),i=0;i<o.length;i++)o[i].style.display=\"none\";for(i=0;i<a.length;i++)s=a[i],e.source===s.contentWindow&&(s.removeAttribute(\"style\"),\"height\"===t.message?(1e3<(r=parseInt(t.value,10))?r=1e3:~~r<200&&(r=200),s.height=r):\"link\"===t.message&&(r=new URL(s.getAttribute(\"src\")),n=new URL(t.value),c.test(n.protocol))&&n.host===r.host&&l.activeElement===s&&(d.top.location.href=t.value))}},d.addEventListener(\"message\",d.wp.receiveEmbedMessage,!1),l.addEventListener(\"DOMContentLoaded\",function(){for(var e,t,s=l.querySelectorAll(\"iframe.wp-embedded-content\"),r=0;r<s.length;r++)(t=(e=s[r]).getAttribute(\"data-secret\"))||(t=Math.random().toString(36).substring(2,12),e.src+=\"#?secret=\"+t,e.setAttribute(\"data-secret\",t)),e.contentWindow.postMessage({message:\"ready\",secret:t},\"*\")},!1)))}(window,document);\n\/\/# sourceURL=https:\/\/kunmedierne.dk\/thy\/wp-includes\/js\/wp-embed.min.js\n\/* ]]> *\/\n<\/script>\n","description":"THY-HANN\u00c6S: &#8211; Vi h\u00e5ber at m\u00f8de alle borgere, der har en bekymring eller kender nogle, der er glemsomme og d\u00e5rligt fungerende. Det siger Dalia Clausen, projektkoordinator i Demensvenligt Thy &#8211; en paraply for en r\u00e6kke initiativer p\u00e5 tv\u00e6rs af hele kommunen. N\u00e6ste uge kan man m\u00f8de de tre demenskoordinatorer i Thisted Kommune p\u00e5 Kulturbussen, n\u00e5r [&hellip;]"}