{"version":"1.0","provider_name":"Thy","provider_url":"https:\/\/kunmedierne.dk\/thy","author_name":"Jens Fogh Andersen","author_url":"https:\/\/kunmedierne.dk\/thy\/author\/jfa\/","title":"Feggesund-f\u00e6rgen: Unders\u00f8gelse af forbindelsens nyttev\u00e6rdi er udsat - Thy","type":"rich","width":600,"height":338,"html":"<blockquote class=\"wp-embedded-content\" data-secret=\"BwiNsIPs43\"><a href=\"https:\/\/kunmedierne.dk\/thy\/feggesund-faergen-undersoegelse-af-forbindelsens-nyttevaerdi-er-udsat\/\"><span>Feggesund-f\u00e6rgen: <\/span>Unders\u00f8gelse af forbindelsens nyttev\u00e6rdi er udsat<\/a><\/blockquote><iframe sandbox=\"allow-scripts\" security=\"restricted\" src=\"https:\/\/kunmedierne.dk\/thy\/feggesund-faergen-undersoegelse-af-forbindelsens-nyttevaerdi-er-udsat\/embed\/#?secret=BwiNsIPs43\" width=\"600\" height=\"338\" title=\"&#8220;&lt;span&gt;Feggesund-f\u00e6rgen: &lt;\/span&gt;Unders\u00f8gelse af forbindelsens nyttev\u00e6rdi er udsat&#8221; &#8211; Thy\" data-secret=\"BwiNsIPs43\" frameborder=\"0\" marginwidth=\"0\" marginheight=\"0\" scrolling=\"no\" class=\"wp-embedded-content\"><\/iframe><script type=\"text\/javascript\">\n\/* <![CDATA[ *\/\n\/*! This file is auto-generated *\/\n!function(d,l){\"use strict\";l.querySelector&&d.addEventListener&&\"undefined\"!=typeof URL&&(d.wp=d.wp||{},d.wp.receiveEmbedMessage||(d.wp.receiveEmbedMessage=function(e){var t=e.data;if((t||t.secret||t.message||t.value)&&!\/[^a-zA-Z0-9]\/.test(t.secret)){for(var s,r,n,a=l.querySelectorAll('iframe[data-secret=\"'+t.secret+'\"]'),o=l.querySelectorAll('blockquote[data-secret=\"'+t.secret+'\"]'),c=new RegExp(\"^https?:$\",\"i\"),i=0;i<o.length;i++)o[i].style.display=\"none\";for(i=0;i<a.length;i++)s=a[i],e.source===s.contentWindow&&(s.removeAttribute(\"style\"),\"height\"===t.message?(1e3<(r=parseInt(t.value,10))?r=1e3:~~r<200&&(r=200),s.height=r):\"link\"===t.message&&(r=new URL(s.getAttribute(\"src\")),n=new URL(t.value),c.test(n.protocol))&&n.host===r.host&&l.activeElement===s&&(d.top.location.href=t.value))}},d.addEventListener(\"message\",d.wp.receiveEmbedMessage,!1),l.addEventListener(\"DOMContentLoaded\",function(){for(var e,t,s=l.querySelectorAll(\"iframe.wp-embedded-content\"),r=0;r<s.length;r++)(t=(e=s[r]).getAttribute(\"data-secret\"))||(t=Math.random().toString(36).substring(2,12),e.src+=\"#?secret=\"+t,e.setAttribute(\"data-secret\",t)),e.contentWindow.postMessage({message:\"ready\",secret:t},\"*\")},!1)))}(window,document);\n\/\/# sourceURL=https:\/\/kunmedierne.dk\/thy\/wp-includes\/js\/wp-embed.min.js\n\/* ]]> *\/\n<\/script>\n","description":"THISTED: Skal der laves en unders\u00f8gelse af Feggesund-f\u00e6rgens nyttev\u00e6rdi for Thisted Kommune &#8211; og i bekr\u00e6ftende fald hvor omfattende skal unders\u00f8gelsen v\u00e6re. S\u00e5dan l\u00f8d opl\u00e6gget til medlemmerne af Thisted Kommunes udvalg for klima, milj\u00f8 og teknik inden ugens m\u00f8de. Et af punkterne p\u00e5 dagsordenen var at tage stilling til, om den unders\u00f8gelse af Feggesund-f\u00e6rgens nyttev\u00e6rdi, [&hellip;]","thumbnail_url":"https:\/\/kunmedierne.dk\/thy\/wp-content\/uploads\/sites\/2\/2025\/12\/Design-uden-navn-2025-12-05T114038.027.jpg"}