{"version":"1.0","provider_name":"Thy","provider_url":"https:\/\/kunmedierne.dk\/thy","author_name":"Lone L\u00e6rke Krog","author_url":"https:\/\/kunmedierne.dk\/thy\/author\/llk\/","title":"B\u00f8rnekulturnatten er lige om hj\u00f8rnet - Thy","type":"rich","width":600,"height":338,"html":"<blockquote class=\"wp-embedded-content\" data-secret=\"6CvyW6Uq8X\"><a href=\"https:\/\/kunmedierne.dk\/thy\/boernekulturnatten-er-lige-om-hjoernet\/\">B\u00f8rnekulturnatten er lige om hj\u00f8rnet<\/a><\/blockquote><iframe sandbox=\"allow-scripts\" security=\"restricted\" src=\"https:\/\/kunmedierne.dk\/thy\/boernekulturnatten-er-lige-om-hjoernet\/embed\/#?secret=6CvyW6Uq8X\" width=\"600\" height=\"338\" title=\"&#8220;B\u00f8rnekulturnatten er lige om hj\u00f8rnet&#8221; &#8211; Thy\" data-secret=\"6CvyW6Uq8X\" frameborder=\"0\" marginwidth=\"0\" marginheight=\"0\" scrolling=\"no\" class=\"wp-embedded-content\"><\/iframe><script>\n\/*! This file is auto-generated *\/\n!function(d,l){\"use strict\";l.querySelector&&d.addEventListener&&\"undefined\"!=typeof URL&&(d.wp=d.wp||{},d.wp.receiveEmbedMessage||(d.wp.receiveEmbedMessage=function(e){var t=e.data;if((t||t.secret||t.message||t.value)&&!\/[^a-zA-Z0-9]\/.test(t.secret)){for(var s,r,n,a=l.querySelectorAll('iframe[data-secret=\"'+t.secret+'\"]'),o=l.querySelectorAll('blockquote[data-secret=\"'+t.secret+'\"]'),c=new RegExp(\"^https?:$\",\"i\"),i=0;i<o.length;i++)o[i].style.display=\"none\";for(i=0;i<a.length;i++)s=a[i],e.source===s.contentWindow&&(s.removeAttribute(\"style\"),\"height\"===t.message?(1e3<(r=parseInt(t.value,10))?r=1e3:~~r<200&&(r=200),s.height=r):\"link\"===t.message&&(r=new URL(s.getAttribute(\"src\")),n=new URL(t.value),c.test(n.protocol))&&n.host===r.host&&l.activeElement===s&&(d.top.location.href=t.value))}},d.addEventListener(\"message\",d.wp.receiveEmbedMessage,!1),l.addEventListener(\"DOMContentLoaded\",function(){for(var e,t,s=l.querySelectorAll(\"iframe.wp-embedded-content\"),r=0;r<s.length;r++)(t=(e=s[r]).getAttribute(\"data-secret\"))||(t=Math.random().toString(36).substring(2,12),e.src+=\"#?secret=\"+t,e.setAttribute(\"data-secret\",t)),e.contentWindow.postMessage({message:\"ready\",secret:t},\"*\")},!1)))}(window,document);\n\/\/# sourceURL=https:\/\/kunmedierne.dk\/thy\/wp-includes\/js\/wp-embed.min.js\n<\/script>\n","description":"THISTED:\u00a0B\u00f8rnekulturnatten i Thy afholdes fredag den 11. september 2026 og markerer samtidig arrangementets 25-\u00e5rs jubil\u00e6um. \u00c5rets tema er &#8220;Festen forts\u00e6tter &#8230;&#8221; og\u00a0s\u00e6tter s\u00e6rligt fokus p\u00e5 f\u00e6llesskab, kreativitet og kultur. B\u00f8rnekulturnatten finder sted i Thisted midtby fra kl. 17.00 til 21.00 med musik, teater, film, historiefort\u00e6lling, kreative v\u00e6rksteder og kulturhistoriske aktiviteter. Forud for programmet i midtbyen [&hellip;]"}