{"version":"1.0","provider_name":"Mors","provider_url":"https:\/\/kunmedierne.dk\/mors","author_name":"David H\u00f8jmark","author_url":"https:\/\/kunmedierne.dk\/mors\/author\/david\/","title":"Sygefrav\u00e6ret falder p\u00e5 det sociale omr\u00e5de - Mors","type":"rich","width":600,"height":338,"html":"<blockquote class=\"wp-embedded-content\" data-secret=\"jn52ap99T8\"><a href=\"https:\/\/kunmedierne.dk\/mors\/sygefravaeret-falder-paa-det-sociale-omraade\/\">Sygefrav\u00e6ret falder p\u00e5 det sociale omr\u00e5de<\/a><\/blockquote><iframe sandbox=\"allow-scripts\" security=\"restricted\" src=\"https:\/\/kunmedierne.dk\/mors\/sygefravaeret-falder-paa-det-sociale-omraade\/embed\/#?secret=jn52ap99T8\" width=\"600\" height=\"338\" title=\"&#8220;Sygefrav\u00e6ret falder p\u00e5 det sociale omr\u00e5de&#8221; &#8211; Mors\" data-secret=\"jn52ap99T8\" frameborder=\"0\" marginwidth=\"0\" marginheight=\"0\" scrolling=\"no\" class=\"wp-embedded-content\"><\/iframe><script type=\"text\/javascript\">\n\/* <![CDATA[ *\/\n\/*! This file is auto-generated *\/\n!function(d,l){\"use strict\";l.querySelector&&d.addEventListener&&\"undefined\"!=typeof URL&&(d.wp=d.wp||{},d.wp.receiveEmbedMessage||(d.wp.receiveEmbedMessage=function(e){var t=e.data;if((t||t.secret||t.message||t.value)&&!\/[^a-zA-Z0-9]\/.test(t.secret)){for(var s,r,n,a=l.querySelectorAll('iframe[data-secret=\"'+t.secret+'\"]'),o=l.querySelectorAll('blockquote[data-secret=\"'+t.secret+'\"]'),c=new RegExp(\"^https?:$\",\"i\"),i=0;i<o.length;i++)o[i].style.display=\"none\";for(i=0;i<a.length;i++)s=a[i],e.source===s.contentWindow&&(s.removeAttribute(\"style\"),\"height\"===t.message?(1e3<(r=parseInt(t.value,10))?r=1e3:~~r<200&&(r=200),s.height=r):\"link\"===t.message&&(r=new URL(s.getAttribute(\"src\")),n=new URL(t.value),c.test(n.protocol))&&n.host===r.host&&l.activeElement===s&&(d.top.location.href=t.value))}},d.addEventListener(\"message\",d.wp.receiveEmbedMessage,!1),l.addEventListener(\"DOMContentLoaded\",function(){for(var e,t,s=l.querySelectorAll(\"iframe.wp-embedded-content\"),r=0;r<s.length;r++)(t=(e=s[r]).getAttribute(\"data-secret\"))||(t=Math.random().toString(36).substring(2,12),e.src+=\"#?secret=\"+t,e.setAttribute(\"data-secret\",t)),e.contentWindow.postMessage({message:\"ready\",secret:t},\"*\")},!1)))}(window,document);\n\/\/# sourceURL=https:\/\/kunmedierne.dk\/mors\/wp-includes\/js\/wp-embed.min.js\n\/* ]]> *\/\n<\/script>\n","thumbnail_url":"https:\/\/kunmedierne.dk\/mors\/wp-content\/uploads\/2020\/03\/200311-mors\u00f8-kommune2.jpg","thumbnail_width":770,"thumbnail_height":513,"description":"MORS: Der er knap s\u00e5 mange sygedage blandt ansatte i Mors\u00f8 Kommune som for et \u00e5r siden. Det oplyser Henning S\u00f8rensen (V), formand for det sociale udvalg, oven p\u00e5 udvalgets \u00e5rlige m\u00f8de med seniorr\u00e5det, der blandt andet har rettet fokus mod sygefrav\u00e6ret hos SOSU-assistenter og SOSU-hj\u00e6lpere. Og det er faldende, lyder det fra Henning S\u00f8rensen, [&hellip;]"}