{"version":"1.0","provider_name":"Mors","provider_url":"https:\/\/kunmedierne.dk\/mors","author_name":"David H\u00f8jmark","author_url":"https:\/\/kunmedierne.dk\/mors\/author\/david\/","title":"N\u00e6ssundf\u00e6rgen bliver til kulturf\u00e6rge under Kulturm\u00f8det - Mors","type":"rich","width":600,"height":338,"html":"<blockquote class=\"wp-embedded-content\" data-secret=\"Tt1tpJe52u\"><a href=\"https:\/\/kunmedierne.dk\/mors\/naessundfaergen-bliver-til-kulturfaerge-under-kulturmoedet\/\">N\u00e6ssundf\u00e6rgen bliver til kulturf\u00e6rge under Kulturm\u00f8det<\/a><\/blockquote><iframe sandbox=\"allow-scripts\" security=\"restricted\" src=\"https:\/\/kunmedierne.dk\/mors\/naessundfaergen-bliver-til-kulturfaerge-under-kulturmoedet\/embed\/#?secret=Tt1tpJe52u\" width=\"600\" height=\"338\" title=\"&#8220;N\u00e6ssundf\u00e6rgen bliver til kulturf\u00e6rge under Kulturm\u00f8det&#8221; &#8211; Mors\" data-secret=\"Tt1tpJe52u\" frameborder=\"0\" marginwidth=\"0\" marginheight=\"0\" scrolling=\"no\" class=\"wp-embedded-content\"><\/iframe><script type=\"text\/javascript\">\n\/* <![CDATA[ *\/\n\/*! This file is auto-generated *\/\n!function(d,l){\"use strict\";l.querySelector&&d.addEventListener&&\"undefined\"!=typeof URL&&(d.wp=d.wp||{},d.wp.receiveEmbedMessage||(d.wp.receiveEmbedMessage=function(e){var t=e.data;if((t||t.secret||t.message||t.value)&&!\/[^a-zA-Z0-9]\/.test(t.secret)){for(var s,r,n,a=l.querySelectorAll('iframe[data-secret=\"'+t.secret+'\"]'),o=l.querySelectorAll('blockquote[data-secret=\"'+t.secret+'\"]'),c=new RegExp(\"^https?:$\",\"i\"),i=0;i<o.length;i++)o[i].style.display=\"none\";for(i=0;i<a.length;i++)s=a[i],e.source===s.contentWindow&&(s.removeAttribute(\"style\"),\"height\"===t.message?(1e3<(r=parseInt(t.value,10))?r=1e3:~~r<200&&(r=200),s.height=r):\"link\"===t.message&&(r=new URL(s.getAttribute(\"src\")),n=new URL(t.value),c.test(n.protocol))&&n.host===r.host&&l.activeElement===s&&(d.top.location.href=t.value))}},d.addEventListener(\"message\",d.wp.receiveEmbedMessage,!1),l.addEventListener(\"DOMContentLoaded\",function(){for(var e,t,s=l.querySelectorAll(\"iframe.wp-embedded-content\"),r=0;r<s.length;r++)(t=(e=s[r]).getAttribute(\"data-secret\"))||(t=Math.random().toString(36).substring(2,12),e.src+=\"#?secret=\"+t,e.setAttribute(\"data-secret\",t)),e.contentWindow.postMessage({message:\"ready\",secret:t},\"*\")},!1)))}(window,document);\n\/\/# sourceURL=https:\/\/kunmedierne.dk\/mors\/wp-includes\/js\/wp-embed.min.js\n\/* ]]> *\/\n<\/script>\n","thumbnail_url":"https:\/\/kunmedierne.dk\/mors\/wp-content\/uploads\/2024\/05\/IMG_6331.jpg","thumbnail_width":770,"thumbnail_height":513,"description":"SEJLADS: En redningsaktion for N\u00e6ssundf\u00e6rgen giver nu ogs\u00e5 Kulturm\u00f8det en ekstra dimension. Arbejdsgruppen, der siden krisem\u00f8det i slutningen af maj har arbejdet p\u00e5 at finde nye indt\u00e6gtskilder for den lukningstruede f\u00e6rge, er kommet op med en id\u00e9, der ikke blot skal supplere indt\u00e6gten nu og her. Den skal ogs\u00e5 v\u00e6re med til at sikre f\u00e6rgens [&hellip;]"}