{"version":"1.0","provider_name":"Mors","provider_url":"https:\/\/kunmedierne.dk\/mors","author_name":"David H\u00f8jmark","author_url":"https:\/\/kunmedierne.dk\/mors\/author\/david\/","title":"Kulturm\u00f8det: Vi f\u00f8lger vores plan for nedlukning - Mors","type":"rich","width":600,"height":338,"html":"<blockquote class=\"wp-embedded-content\" data-secret=\"sBvcM7thCk\"><a href=\"https:\/\/kunmedierne.dk\/mors\/kulturmoedet-vi-foelger-vores-plan-for-nedlukning\/\">Kulturm\u00f8det: Vi f\u00f8lger vores plan for nedlukning<\/a><\/blockquote><iframe sandbox=\"allow-scripts\" security=\"restricted\" src=\"https:\/\/kunmedierne.dk\/mors\/kulturmoedet-vi-foelger-vores-plan-for-nedlukning\/embed\/#?secret=sBvcM7thCk\" width=\"600\" height=\"338\" title=\"&#8220;Kulturm\u00f8det: Vi f\u00f8lger vores plan for nedlukning&#8221; &#8211; Mors\" data-secret=\"sBvcM7thCk\" frameborder=\"0\" marginwidth=\"0\" marginheight=\"0\" scrolling=\"no\" class=\"wp-embedded-content\"><\/iframe><script type=\"text\/javascript\">\n\/* <![CDATA[ *\/\n\/*! This file is auto-generated *\/\n!function(d,l){\"use strict\";l.querySelector&&d.addEventListener&&\"undefined\"!=typeof URL&&(d.wp=d.wp||{},d.wp.receiveEmbedMessage||(d.wp.receiveEmbedMessage=function(e){var t=e.data;if((t||t.secret||t.message||t.value)&&!\/[^a-zA-Z0-9]\/.test(t.secret)){for(var s,r,n,a=l.querySelectorAll('iframe[data-secret=\"'+t.secret+'\"]'),o=l.querySelectorAll('blockquote[data-secret=\"'+t.secret+'\"]'),c=new RegExp(\"^https?:$\",\"i\"),i=0;i<o.length;i++)o[i].style.display=\"none\";for(i=0;i<a.length;i++)s=a[i],e.source===s.contentWindow&&(s.removeAttribute(\"style\"),\"height\"===t.message?(1e3<(r=parseInt(t.value,10))?r=1e3:~~r<200&&(r=200),s.height=r):\"link\"===t.message&&(r=new URL(s.getAttribute(\"src\")),n=new URL(t.value),c.test(n.protocol))&&n.host===r.host&&l.activeElement===s&&(d.top.location.href=t.value))}},d.addEventListener(\"message\",d.wp.receiveEmbedMessage,!1),l.addEventListener(\"DOMContentLoaded\",function(){for(var e,t,s=l.querySelectorAll(\"iframe.wp-embedded-content\"),r=0;r<s.length;r++)(t=(e=s[r]).getAttribute(\"data-secret\"))||(t=Math.random().toString(36).substring(2,12),e.src+=\"#?secret=\"+t,e.setAttribute(\"data-secret\",t)),e.contentWindow.postMessage({message:\"ready\",secret:t},\"*\")},!1)))}(window,document);\n\/\/# sourceURL=https:\/\/kunmedierne.dk\/mors\/wp-includes\/js\/wp-embed.min.js\n\/* ]]> *\/\n<\/script>\n","description":"STORMVEJR: Kulturm\u00f8det Mors har f\u00e5et et spark i ansigtet af stormvejret. Sidst p\u00e5 eftermiddagen fredag tog arrang\u00f8rerne den ultimative konsekvens og aflyste alle arrangementer p\u00e5\u00a0Kulturpladsen, Gasv\u00e6rksvej, Munkegade og Ung Kult frem til en ny status klokken 19.30. S\u00e6rligt dramatisk var situationen p\u00e5 Ung Kult Camp, hvor det s\u00e5kaldte netv\u00e6rkstelt blev revet midt over af bl\u00e6sten, [&hellip;]"}