{"version":"1.0","provider_name":"Mors","provider_url":"https:\/\/kunmedierne.dk\/mors","author_name":"David H\u00f8jmark","author_url":"https:\/\/kunmedierne.dk\/mors\/author\/david\/","title":"Fr\u00f8slev fejrede forvandlingen med glade gymnasieelever - Mors","type":"rich","width":600,"height":338,"html":"<blockquote class=\"wp-embedded-content\" data-secret=\"yVUtUgL8bq\"><a href=\"https:\/\/kunmedierne.dk\/mors\/froeslev-fejrede-forvandlingen-med-glade-gymnasieelever\/\">Fr\u00f8slev fejrede forvandlingen med glade gymnasieelever<\/a><\/blockquote><iframe sandbox=\"allow-scripts\" security=\"restricted\" src=\"https:\/\/kunmedierne.dk\/mors\/froeslev-fejrede-forvandlingen-med-glade-gymnasieelever\/embed\/#?secret=yVUtUgL8bq\" width=\"600\" height=\"338\" title=\"&#8220;Fr\u00f8slev fejrede forvandlingen med glade gymnasieelever&#8221; &#8211; Mors\" data-secret=\"yVUtUgL8bq\" frameborder=\"0\" marginwidth=\"0\" marginheight=\"0\" scrolling=\"no\" class=\"wp-embedded-content\"><\/iframe><script type=\"text\/javascript\">\n\/* <![CDATA[ *\/\n\/*! This file is auto-generated *\/\n!function(d,l){\"use strict\";l.querySelector&&d.addEventListener&&\"undefined\"!=typeof URL&&(d.wp=d.wp||{},d.wp.receiveEmbedMessage||(d.wp.receiveEmbedMessage=function(e){var t=e.data;if((t||t.secret||t.message||t.value)&&!\/[^a-zA-Z0-9]\/.test(t.secret)){for(var s,r,n,a=l.querySelectorAll('iframe[data-secret=\"'+t.secret+'\"]'),o=l.querySelectorAll('blockquote[data-secret=\"'+t.secret+'\"]'),c=new RegExp(\"^https?:$\",\"i\"),i=0;i<o.length;i++)o[i].style.display=\"none\";for(i=0;i<a.length;i++)s=a[i],e.source===s.contentWindow&&(s.removeAttribute(\"style\"),\"height\"===t.message?(1e3<(r=parseInt(t.value,10))?r=1e3:~~r<200&&(r=200),s.height=r):\"link\"===t.message&&(r=new URL(s.getAttribute(\"src\")),n=new URL(t.value),c.test(n.protocol))&&n.host===r.host&&l.activeElement===s&&(d.top.location.href=t.value))}},d.addEventListener(\"message\",d.wp.receiveEmbedMessage,!1),l.addEventListener(\"DOMContentLoaded\",function(){for(var e,t,s=l.querySelectorAll(\"iframe.wp-embedded-content\"),r=0;r<s.length;r++)(t=(e=s[r]).getAttribute(\"data-secret\"))||(t=Math.random().toString(36).substring(2,12),e.src+=\"#?secret=\"+t,e.setAttribute(\"data-secret\",t)),e.contentWindow.postMessage({message:\"ready\",secret:t},\"*\")},!1)))}(window,document);\n\/\/# sourceURL=https:\/\/kunmedierne.dk\/mors\/wp-includes\/js\/wp-embed.min.js\n\/* ]]> *\/\n<\/script>\n","description":"FR\u00d8SLEVDAG: Der er mange glade byer p\u00e5 Mors, men den sidste l\u00f8rdag i september 2024 er Fr\u00f8slev nok den gladeste af dem. Den lille landsby p\u00e5 Midtmors, der for \u00e5r tilbage ellers tog et par \u00f8ksehug af den slags, der har v\u00e6ltet mange andre landsbyer i landet, er fyldt med flag i vejkanten, muntre mennesker [&hellip;]","thumbnail_url":"https:\/\/kunmedierne.dk\/mors\/wp-content\/uploads\/2024\/09\/IMG_8461.jpg"}