{"version":"1.0","provider_name":"Mors","provider_url":"https:\/\/kunmedierne.dk\/mors","author_name":"Debat","author_url":"https:\/\/kunmedierne.dk\/mors\/author\/debat\/","title":"De konservative \u00f8nsker ikke boliger p\u00e5 \u00d8rodde - Mors","type":"rich","width":600,"height":338,"html":"<blockquote class=\"wp-embedded-content\" data-secret=\"rZWI5hnxBK\"><a href=\"https:\/\/kunmedierne.dk\/mors\/de-konservative-oensker-ikke-boliger-paa-oerodde\/\">De konservative \u00f8nsker ikke boliger p\u00e5 \u00d8rodde<\/a><\/blockquote><iframe sandbox=\"allow-scripts\" security=\"restricted\" src=\"https:\/\/kunmedierne.dk\/mors\/de-konservative-oensker-ikke-boliger-paa-oerodde\/embed\/#?secret=rZWI5hnxBK\" width=\"600\" height=\"338\" title=\"&#8220;De konservative \u00f8nsker ikke boliger p\u00e5 \u00d8rodde&#8221; &#8211; Mors\" data-secret=\"rZWI5hnxBK\" frameborder=\"0\" marginwidth=\"0\" marginheight=\"0\" scrolling=\"no\" class=\"wp-embedded-content\"><\/iframe><script type=\"text\/javascript\">\n\/* <![CDATA[ *\/\n\/*! This file is auto-generated *\/\n!function(d,l){\"use strict\";l.querySelector&&d.addEventListener&&\"undefined\"!=typeof URL&&(d.wp=d.wp||{},d.wp.receiveEmbedMessage||(d.wp.receiveEmbedMessage=function(e){var t=e.data;if((t||t.secret||t.message||t.value)&&!\/[^a-zA-Z0-9]\/.test(t.secret)){for(var s,r,n,a=l.querySelectorAll('iframe[data-secret=\"'+t.secret+'\"]'),o=l.querySelectorAll('blockquote[data-secret=\"'+t.secret+'\"]'),c=new RegExp(\"^https?:$\",\"i\"),i=0;i<o.length;i++)o[i].style.display=\"none\";for(i=0;i<a.length;i++)s=a[i],e.source===s.contentWindow&&(s.removeAttribute(\"style\"),\"height\"===t.message?(1e3<(r=parseInt(t.value,10))?r=1e3:~~r<200&&(r=200),s.height=r):\"link\"===t.message&&(r=new URL(s.getAttribute(\"src\")),n=new URL(t.value),c.test(n.protocol))&&n.host===r.host&&l.activeElement===s&&(d.top.location.href=t.value))}},d.addEventListener(\"message\",d.wp.receiveEmbedMessage,!1),l.addEventListener(\"DOMContentLoaded\",function(){for(var e,t,s=l.querySelectorAll(\"iframe.wp-embedded-content\"),r=0;r<s.length;r++)(t=(e=s[r]).getAttribute(\"data-secret\"))||(t=Math.random().toString(36).substring(2,12),e.src+=\"#?secret=\"+t,e.setAttribute(\"data-secret\",t)),e.contentWindow.postMessage({message:\"ready\",secret:t},\"*\")},!1)))}(window,document);\n\/\/# sourceURL=https:\/\/kunmedierne.dk\/mors\/wp-includes\/js\/wp-embed.min.js\n\/* ]]> *\/\n<\/script>\n","thumbnail_url":"https:\/\/kunmedierne.dk\/mors\/wp-content\/uploads\/2021\/10\/henrik-markmoeller-bro.jpg","thumbnail_width":770,"thumbnail_height":513,"description":"Debatindl\u00e6g fra Henrik Markm\u00f8ller Bro, kandidat for De Konservative ved Kommunalvalg 2021: MORS:\u00a0Kort og godt &#8211; de konservative mener ikke. at der skal bygges boliger eller mere industri p\u00e5 \u00d8rodde. Det er jeg overbevist om, at de fleste v\u00e6lgere ogs\u00e5 mener. Det kan godt virke lidt sogner\u00e5dspolitisk, at en plet i Nyk\u00f8bing f\u00e5r en del [&hellip;]"}