{"version":"1.0","provider_name":"Mors","provider_url":"https:\/\/kunmedierne.dk\/mors","author_name":"Debat","author_url":"https:\/\/kunmedierne.dk\/mors\/author\/debat\/","title":"\u00c5nd og vid under covid - Mors","type":"rich","width":600,"height":338,"html":"<blockquote class=\"wp-embedded-content\" data-secret=\"LMRWUBrnuP\"><a href=\"https:\/\/kunmedierne.dk\/mors\/aand-og-vid-under-covid\/\">\u00c5nd og vid under covid<\/a><\/blockquote><iframe sandbox=\"allow-scripts\" security=\"restricted\" src=\"https:\/\/kunmedierne.dk\/mors\/aand-og-vid-under-covid\/embed\/#?secret=LMRWUBrnuP\" width=\"600\" height=\"338\" title=\"&#8220;\u00c5nd og vid under covid&#8221; &#8211; Mors\" data-secret=\"LMRWUBrnuP\" frameborder=\"0\" marginwidth=\"0\" marginheight=\"0\" scrolling=\"no\" class=\"wp-embedded-content\"><\/iframe><script type=\"text\/javascript\">\n\/* <![CDATA[ *\/\n\/*! This file is auto-generated *\/\n!function(d,l){\"use strict\";l.querySelector&&d.addEventListener&&\"undefined\"!=typeof URL&&(d.wp=d.wp||{},d.wp.receiveEmbedMessage||(d.wp.receiveEmbedMessage=function(e){var t=e.data;if((t||t.secret||t.message||t.value)&&!\/[^a-zA-Z0-9]\/.test(t.secret)){for(var s,r,n,a=l.querySelectorAll('iframe[data-secret=\"'+t.secret+'\"]'),o=l.querySelectorAll('blockquote[data-secret=\"'+t.secret+'\"]'),c=new RegExp(\"^https?:$\",\"i\"),i=0;i<o.length;i++)o[i].style.display=\"none\";for(i=0;i<a.length;i++)s=a[i],e.source===s.contentWindow&&(s.removeAttribute(\"style\"),\"height\"===t.message?(1e3<(r=parseInt(t.value,10))?r=1e3:~~r<200&&(r=200),s.height=r):\"link\"===t.message&&(r=new URL(s.getAttribute(\"src\")),n=new URL(t.value),c.test(n.protocol))&&n.host===r.host&&l.activeElement===s&&(d.top.location.href=t.value))}},d.addEventListener(\"message\",d.wp.receiveEmbedMessage,!1),l.addEventListener(\"DOMContentLoaded\",function(){for(var e,t,s=l.querySelectorAll(\"iframe.wp-embedded-content\"),r=0;r<s.length;r++)(t=(e=s[r]).getAttribute(\"data-secret\"))||(t=Math.random().toString(36).substring(2,12),e.src+=\"#?secret=\"+t,e.setAttribute(\"data-secret\",t)),e.contentWindow.postMessage({message:\"ready\",secret:t},\"*\")},!1)))}(window,document);\n\/\/# sourceURL=https:\/\/kunmedierne.dk\/mors\/wp-includes\/js\/wp-embed.min.js\n\/* ]]> *\/\n<\/script>\n","thumbnail_url":"https:\/\/kunmedierne.dk\/mors\/wp-content\/uploads\/2020\/08\/0-tore-m\u00fcller.jpg","thumbnail_width":770,"thumbnail_height":513,"description":"Fra Tore M\u00fcller (S), formand b\u00f8rne- og kulturudvalget i Mors\u00f8 Kommune, har vi modtaget: MORS: S\u00e5 kom der desv\u00e6rre nye stramninger. Og endnu engang skal vores samfund h\u00e5ndtere det, der umiddelbart og efterh\u00e5nden virker s\u00e5 uh\u00e5ndterbart. Alle som \u00e9n k\u00e6mper en kamp for at f\u00f8lge retningslinjer og sikkerhedsprincipper, med det form\u00e5l at holde pandemien i [&hellip;]"}